{"id":14655,"date":"2024-11-20T12:07:21","date_gmt":"2024-11-20T10:07:21","guid":{"rendered":"http:\/\/ri.uvt.ro\/?page_id=14655"},"modified":"2024-11-20T15:51:54","modified_gmt":"2024-11-20T13:51:54","slug":"blended-intensive-programmes-testimonials","status":"publish","type":"page","link":"http:\/\/ri.uvt.ro\/en\/erasmus-mobility-programme\/erasmus-incoming-students\/blended-intensive-programmes-testimonials\/","title":{"rendered":"Blended Intensive Programmes Testimonials"},"content":{"rendered":"\t\t<div data-elementor-type=\"wp-page\" data-elementor-id=\"14655\" class=\"elementor elementor-14655\" data-elementor-post-type=\"page\">\n\t\t\t\t\t\t<section class=\"elementor-section elementor-top-section elementor-element elementor-element-68c6b3f elementor-section-boxed elementor-section-height-default elementor-section-height-default\" data-id=\"68c6b3f\" data-element_type=\"section\">\n\t\t\t\t\t\t<div class=\"elementor-container elementor-column-gap-default\">\n\t\t\t\t\t<div class=\"elementor-column elementor-col-50 elementor-top-column elementor-element elementor-element-24cc818\" data-id=\"24cc818\" data-element_type=\"column\">\n\t\t\t<div class=\"elementor-widget-wrap elementor-element-populated\">\n\t\t\t\t\t\t<div class=\"elementor-element elementor-element-8fc12dc elementor-widget elementor-widget-video\" data-id=\"8fc12dc\" data-element_type=\"widget\" data-settings=\"{&quot;video_type&quot;:&quot;hosted&quot;,&quot;controls&quot;:&quot;yes&quot;}\" data-widget_type=\"video.default\">\n\t\t\t\t<div class=\"elementor-widget-container\">\n\t\t\t\t\t\t\t<div class=\"e-hosted-video elementor-wrapper elementor-open-inline\">\n\t\t\t\t\t<video class=\"elementor-video\" src=\"http:\/\/ri.uvt.ro\/wp-content\/uploads\/2024\/11\/accademiagalli_1730547257848-2.mp4\" controls=\"\" preload=\"metadata\" controlsList=\"nodownload\"><\/video>\n\t\t\t\t<\/div>\n\t\t\t\t\t\t<\/div>\n\t\t\t\t<\/div>\n\t\t\t\t<div class=\"elementor-element elementor-element-e8a1921 elementor-widget elementor-widget-text-editor\" data-id=\"e8a1921\" data-element_type=\"widget\" data-widget_type=\"text-editor.default\">\n\t\t\t\t<div class=\"elementor-widget-container\">\n\t\t\t\t\t\t\t\t\t<p><i><span style=\"font-weight: 400;\"><img decoding=\"async\" class=\"emoji\" role=\"presentation\" draggable=\"false\" src=\"https:\/\/s.w.org\/images\/core\/emoji\/14.0.0\/svg\/27a1.svg\" alt=\"\" data-uw-rm-alt=\"SRC\" \/> I&#8217;d be happy to recommend the programme to anyone interested! It was a great opportunity to get to know university structures and students \/ faculty staff from another country and catch a glimpse into what studying can look like someplace else. Of course being able to venture around the beautiful city made the whole week even more worth it. I had a wonderful time and recommend BIP programmes to anyone wanting to explore new places while working on uni projects and collecting experiences and memories.<\/span><\/i><\/p><p style=\"text-align: left;\"><i><span style=\"font-weight: 400;\">&#8211; <\/span><\/i><span style=\"font-weight: 400;\">Kerstin (Austria), participant in <b>BIP Entrepreneurship for Creative Industries, 2023<\/b><\/span><\/p>\t\t\t\t\t\t\t\t<\/div>\n\t\t\t\t<\/div>\n\t\t\t\t\t<\/div>\n\t\t<\/div>\n\t\t\t\t<div class=\"elementor-column elementor-col-50 elementor-top-column elementor-element elementor-element-ac69dd0\" data-id=\"ac69dd0\" data-element_type=\"column\">\n\t\t\t<div class=\"elementor-widget-wrap elementor-element-populated\">\n\t\t\t\t\t\t<div class=\"elementor-element elementor-element-20d583f elementor-widget elementor-widget-text-editor\" data-id=\"20d583f\" data-element_type=\"widget\" data-widget_type=\"text-editor.default\">\n\t\t\t\t<div class=\"elementor-widget-container\">\n\t\t\t\t\t\t\t\t\t<p>\u00a0<\/p><p>\u00a0<\/p><p><i><span style=\"font-weight: 400;\"><img decoding=\"async\" class=\"emoji\" role=\"presentation\" draggable=\"false\" src=\"https:\/\/s.w.org\/images\/core\/emoji\/14.0.0\/svg\/27a1.svg\" alt=\"\" data-uw-rm-alt=\"SRC\" \/> Self-growth has never been more fun and easier than enjoying a new culture while meeting interesting people! <\/span><\/i><\/p><p style=\"text-align: left;\"><i><span style=\"font-weight: 400;\">&#8211; <\/span><\/i><span style=\"font-weight: 400;\">Lara (Italy), participant in <b>BIP Entrepreneurship for Creative Industries, 2023<\/b><\/span><\/p>\t\t\t\t\t\t\t\t<\/div>\n\t\t\t\t<\/div>\n\t\t\t\t<div class=\"elementor-element elementor-element-d8a0c55 elementor-widget elementor-widget-image\" data-id=\"d8a0c55\" data-element_type=\"widget\" data-widget_type=\"image.default\">\n\t\t\t\t<div class=\"elementor-widget-container\">\n\t\t\t\t\t\t\t\t\t\t\t\t\t\t\t<img fetchpriority=\"high\" decoding=\"async\" width=\"800\" height=\"599\" src=\"http:\/\/ri.uvt.ro\/wp-content\/uploads\/2024\/11\/dd89a6e4-84c0-44a2-8ebf-c23fea75ad00-1024x767.jpg\" class=\"attachment-large size-large wp-image-14800\" alt=\"\" srcset=\"http:\/\/ri.uvt.ro\/wp-content\/uploads\/2024\/11\/dd89a6e4-84c0-44a2-8ebf-c23fea75ad00-1024x767.jpg 1024w, http:\/\/ri.uvt.ro\/wp-content\/uploads\/2024\/11\/dd89a6e4-84c0-44a2-8ebf-c23fea75ad00-300x225.jpg 300w, http:\/\/ri.uvt.ro\/wp-content\/uploads\/2024\/11\/dd89a6e4-84c0-44a2-8ebf-c23fea75ad00-768x576.jpg 768w, http:\/\/ri.uvt.ro\/wp-content\/uploads\/2024\/11\/dd89a6e4-84c0-44a2-8ebf-c23fea75ad00-1536x1151.jpg 1536w, http:\/\/ri.uvt.ro\/wp-content\/uploads\/2024\/11\/dd89a6e4-84c0-44a2-8ebf-c23fea75ad00.jpg 1600w\" sizes=\"(max-width: 800px) 100vw, 800px\" \/>\t\t\t\t\t\t\t\t\t\t\t\t\t\t\t<\/div>\n\t\t\t\t<\/div>\n\t\t\t\t\t<\/div>\n\t\t<\/div>\n\t\t\t\t\t<\/div>\n\t\t<\/section>\n\t\t\t\t<section class=\"elementor-section elementor-top-section elementor-element elementor-element-1de98a6 elementor-section-boxed elementor-section-height-default elementor-section-height-default\" data-id=\"1de98a6\" data-element_type=\"section\">\n\t\t\t\t\t\t<div class=\"elementor-container elementor-column-gap-default\">\n\t\t\t\t\t<div class=\"elementor-column elementor-col-50 elementor-top-column elementor-element elementor-element-3efbe93\" data-id=\"3efbe93\" data-element_type=\"column\">\n\t\t\t<div class=\"elementor-widget-wrap elementor-element-populated\">\n\t\t\t\t\t\t<div class=\"elementor-element elementor-element-0e1e12b elementor-widget elementor-widget-text-editor\" data-id=\"0e1e12b\" data-element_type=\"widget\" data-widget_type=\"text-editor.default\">\n\t\t\t\t<div class=\"elementor-widget-container\">\n\t\t\t\t\t\t\t\t\t<p>\u00a0<\/p><p><em><span style=\"font-weight: 400;\"><img decoding=\"async\" class=\"emoji\" role=\"presentation\" draggable=\"false\" src=\"https:\/\/s.w.org\/images\/core\/emoji\/14.0.0\/svg\/27a1.svg\" alt=\"\" data-uw-rm-alt=\"SRC\" \/> Je tiens \u00e0 vous remercier pour cette opportunit\u00e9 exceptionnelle. Le programme BIP a \u00e9t\u00e9 une exp\u00e9rience extr\u00eamement enrichissante, compos\u00e9e de plusieurs activit\u00e9s interactives qui m&#8217;ont permis de d\u00e9couvrir de nouvelles professions, notamment au sein de la Cour europ\u00e9enne des droits de l&#8217;homme. De plus, nous avons \u00e9t\u00e9 chaleureusement accueillis \u00e0 l&#8217;universit\u00e9 par madame Raluca Bercea, dont le soutien et la bienveillance ont \u00e9t\u00e9 particuli\u00e8rement appr\u00e9ci\u00e9s. De m\u00eame, les logements mis \u00e0 notre disposition \u00e9taient tr\u00e8s propres et bien \u00e9quip\u00e9s \u00e0 notre arriv\u00e9e.<\/span><\/em><\/p><p><span style=\"font-weight: 400;\">&#8211; Mario (France), participant in\u00a0<\/span><span style=\"font-weight: bold; color: var( --e-global-color-text ); font-family: var( --e-global-typography-text-font-family ), Sans-serif; font-size: 1rem;\">BIP Environmental Issues in the European Law, 2024<\/span><\/p><p>\u00a0<\/p>\t\t\t\t\t\t\t\t<\/div>\n\t\t\t\t<\/div>\n\t\t\t\t\t<\/div>\n\t\t<\/div>\n\t\t\t\t<div class=\"elementor-column elementor-col-50 elementor-top-column elementor-element elementor-element-25e5517\" data-id=\"25e5517\" data-element_type=\"column\">\n\t\t\t<div class=\"elementor-widget-wrap elementor-element-populated\">\n\t\t\t\t\t\t<div class=\"elementor-element elementor-element-62f083a elementor-widget elementor-widget-image\" data-id=\"62f083a\" data-element_type=\"widget\" data-widget_type=\"image.default\">\n\t\t\t\t<div class=\"elementor-widget-container\">\n\t\t\t\t\t\t\t\t\t\t\t\t\t\t\t<img decoding=\"async\" src=\"http:\/\/ri.uvt.ro\/wp-content\/uploads\/2024\/11\/Mario-Farnce-1.jpg\" title=\"\" alt=\"\" loading=\"lazy\" \/>\t\t\t\t\t\t\t\t\t\t\t\t\t\t\t<\/div>\n\t\t\t\t<\/div>\n\t\t\t\t\t<\/div>\n\t\t<\/div>\n\t\t\t\t\t<\/div>\n\t\t<\/section>\n\t\t\t\t<section class=\"elementor-section elementor-top-section elementor-element elementor-element-9b999e8 elementor-section-boxed elementor-section-height-default elementor-section-height-default\" data-id=\"9b999e8\" data-element_type=\"section\">\n\t\t\t\t\t\t<div class=\"elementor-container elementor-column-gap-default\">\n\t\t\t\t\t<div class=\"elementor-column elementor-col-50 elementor-top-column elementor-element elementor-element-664f87a\" data-id=\"664f87a\" data-element_type=\"column\">\n\t\t\t<div class=\"elementor-widget-wrap elementor-element-populated\">\n\t\t\t\t\t\t<div class=\"elementor-element elementor-element-0319bc4 elementor-widget elementor-widget-image\" data-id=\"0319bc4\" data-element_type=\"widget\" data-widget_type=\"image.default\">\n\t\t\t\t<div class=\"elementor-widget-container\">\n\t\t\t\t\t\t\t\t\t\t\t\t\t\t\t<img decoding=\"async\" width=\"800\" height=\"600\" src=\"http:\/\/ri.uvt.ro\/wp-content\/uploads\/2024\/11\/1731404171959-1-1024x768.jpg\" class=\"attachment-large size-large wp-image-14758\" alt=\"\" srcset=\"http:\/\/ri.uvt.ro\/wp-content\/uploads\/2024\/11\/1731404171959-1-1024x768.jpg 1024w, http:\/\/ri.uvt.ro\/wp-content\/uploads\/2024\/11\/1731404171959-1-300x225.jpg 300w, http:\/\/ri.uvt.ro\/wp-content\/uploads\/2024\/11\/1731404171959-1-768x576.jpg 768w, http:\/\/ri.uvt.ro\/wp-content\/uploads\/2024\/11\/1731404171959-1-1536x1152.jpg 1536w, http:\/\/ri.uvt.ro\/wp-content\/uploads\/2024\/11\/1731404171959-1.jpg 1600w\" sizes=\"(max-width: 800px) 100vw, 800px\" \/>\t\t\t\t\t\t\t\t\t\t\t\t\t\t\t<\/div>\n\t\t\t\t<\/div>\n\t\t\t\t\t<\/div>\n\t\t<\/div>\n\t\t\t\t<div class=\"elementor-column elementor-col-50 elementor-top-column elementor-element elementor-element-ed788d9\" data-id=\"ed788d9\" data-element_type=\"column\">\n\t\t\t<div class=\"elementor-widget-wrap elementor-element-populated\">\n\t\t\t\t\t\t<div class=\"elementor-element elementor-element-87cd16f elementor-widget elementor-widget-text-editor\" data-id=\"87cd16f\" data-element_type=\"widget\" data-widget_type=\"text-editor.default\">\n\t\t\t\t<div class=\"elementor-widget-container\">\n\t\t\t\t\t\t\t\t\t<p>\u00a0<\/p><p><em><span style=\"font-weight: 400;\">\u27a1\ufe0f The BIP program meant a great deal to me, and it truly exceeded my expectations.\u00a0 The professors were incredibly supportive and worked with me to find a solution, recognizing the tremendous opportunity this program offered.<\/span><\/em><\/p><p><em><span style=\"font-weight: 400;\">&#8211; <\/span><\/em><span style=\"font-weight: 400;\">Ximena (France), participant in\u00a0<\/span><span style=\"font-weight: bold; color: var( --e-global-color-text ); font-family: var( --e-global-typography-text-font-family ), Sans-serif; font-size: 1rem;\">BIP Intercomprehension for Language for Specific Purposes, 2024<\/span><\/p><p>\u00a0<\/p><p><em><span style=\"font-weight: 400;\">\u27a1\ufe0f Ho potuto incontrare persone con storie <\/span><span style=\"font-weight: 400;\">e culture diverse<\/span><span style=\"font-weight: 400;\"> e anche <\/span><span style=\"font-weight: 400;\">capire meglio le altre lingue romanze<\/span><span style=\"font-weight: 400;\">, soprattutto il francese e il romeno che per me erano pi\u00f9 difficili. <\/span><\/em><\/p><p><em><span style=\"font-weight: 400;\">&#8211; Stefania (Italy), participant in\u00a0<span style=\"font-weight: bold; color: var( --e-global-color-text ); font-family: var( --e-global-typography-text-font-family ), Sans-serif; font-size: 1rem;\">BIP Intercomprehension for Language for Specific Purposes, 2024<\/span><\/span><\/em><\/p>\t\t\t\t\t\t\t\t<\/div>\n\t\t\t\t<\/div>\n\t\t\t\t\t<\/div>\n\t\t<\/div>\n\t\t\t\t\t<\/div>\n\t\t<\/section>\n\t\t\t\t<section class=\"elementor-section elementor-top-section elementor-element elementor-element-a8d8feb elementor-section-boxed elementor-section-height-default elementor-section-height-default\" data-id=\"a8d8feb\" data-element_type=\"section\">\n\t\t\t\t\t\t<div class=\"elementor-container elementor-column-gap-default\">\n\t\t\t\t\t<div class=\"elementor-column elementor-col-50 elementor-top-column elementor-element elementor-element-bd86f19\" data-id=\"bd86f19\" data-element_type=\"column\">\n\t\t\t<div class=\"elementor-widget-wrap elementor-element-populated\">\n\t\t\t\t\t\t<div class=\"elementor-element elementor-element-0f8c5c2 elementor-widget elementor-widget-text-editor\" data-id=\"0f8c5c2\" data-element_type=\"widget\" data-widget_type=\"text-editor.default\">\n\t\t\t\t<div class=\"elementor-widget-container\">\n\t\t\t\t\t\t\t\t\t<p><i><span style=\"font-weight: 400;\">\u00a0<\/span><\/i><\/p><p><i style=\"color: var( --e-global-color-text ); font-family: var( --e-global-typography-text-font-family ), Sans-serif; font-weight: var( --e-global-typography-text-font-weight ); font-size: 1rem;\">\u27a1\ufe0f I am increasingly convinced that the Erasmus programme, in all its versions, is the best way to build a people&#8217;s Europe. <\/i><i style=\"color: var( --e-global-color-text ); font-family: var( --e-global-typography-text-font-family ), Sans-serif; font-weight: var( --e-global-typography-text-font-weight ); font-size: 1rem;\">It allows you to get to know other cultures, other ways of seeing the world, other geographies that broaden your view&#8230; In short, it is a very rewarding experience.<\/i><\/p><p><i><span style=\"font-weight: 400;\"><br \/><\/span><\/i><i><span style=\"font-weight: 400;\">The Erasmus+ project in which I collaborated with the rest of the team from the geography department of the University of Valencia and the sharing with other groups from other European universities during a week at the University of Timisoara (Romania) was extraordinary. I would like to express my gratitude to those who made the stay possible and I strongly recommend participation in Erasmus projects.<\/span><\/i><\/p><p>&#8211; Javier (Spain), participant in <strong>BIP Creative Industries and Urban Dynamics<\/strong>, <strong>2023<\/strong><\/p>\t\t\t\t\t\t\t\t<\/div>\n\t\t\t\t<\/div>\n\t\t\t\t\t<\/div>\n\t\t<\/div>\n\t\t\t\t<div class=\"elementor-column elementor-col-50 elementor-top-column elementor-element elementor-element-16ef591\" data-id=\"16ef591\" data-element_type=\"column\">\n\t\t\t<div class=\"elementor-widget-wrap elementor-element-populated\">\n\t\t\t\t\t\t<div class=\"elementor-element elementor-element-feae3cb elementor-widget elementor-widget-image\" data-id=\"feae3cb\" data-element_type=\"widget\" data-widget_type=\"image.default\">\n\t\t\t\t<div class=\"elementor-widget-container\">\n\t\t\t\t\t\t\t\t\t\t\t\t\t\t\t<img decoding=\"async\" width=\"800\" height=\"600\" src=\"http:\/\/ri.uvt.ro\/wp-content\/uploads\/2024\/11\/1-89-1024x768.jpg\" class=\"attachment-large size-large wp-image-14778\" alt=\"\" srcset=\"http:\/\/ri.uvt.ro\/wp-content\/uploads\/2024\/11\/1-89-1024x768.jpg 1024w, http:\/\/ri.uvt.ro\/wp-content\/uploads\/2024\/11\/1-89-300x225.jpg 300w, http:\/\/ri.uvt.ro\/wp-content\/uploads\/2024\/11\/1-89-768x576.jpg 768w, http:\/\/ri.uvt.ro\/wp-content\/uploads\/2024\/11\/1-89-1536x1152.jpg 1536w, http:\/\/ri.uvt.ro\/wp-content\/uploads\/2024\/11\/1-89.jpg 2048w\" sizes=\"(max-width: 800px) 100vw, 800px\" \/>\t\t\t\t\t\t\t\t\t\t\t\t\t\t\t<\/div>\n\t\t\t\t<\/div>\n\t\t\t\t\t<\/div>\n\t\t<\/div>\n\t\t\t\t\t<\/div>\n\t\t<\/section>\n\t\t\t\t<section class=\"elementor-section elementor-top-section elementor-element elementor-element-35002e1 elementor-section-boxed elementor-section-height-default elementor-section-height-default\" data-id=\"35002e1\" data-element_type=\"section\">\n\t\t\t\t\t\t<div class=\"elementor-container elementor-column-gap-default\">\n\t\t\t\t\t<div class=\"elementor-column elementor-col-50 elementor-top-column elementor-element elementor-element-84af838\" data-id=\"84af838\" data-element_type=\"column\">\n\t\t\t<div class=\"elementor-widget-wrap elementor-element-populated\">\n\t\t\t\t\t\t<div class=\"elementor-element elementor-element-c8f0b8a elementor-widget elementor-widget-image\" data-id=\"c8f0b8a\" data-element_type=\"widget\" data-widget_type=\"image.default\">\n\t\t\t\t<div class=\"elementor-widget-container\">\n\t\t\t\t\t\t\t\t\t\t\t\t\t\t\t<img loading=\"lazy\" decoding=\"async\" width=\"800\" height=\"600\" src=\"http:\/\/ri.uvt.ro\/wp-content\/uploads\/2024\/11\/451583683_10234045005734968_3581260988962566861_n-1024x768.jpg\" class=\"attachment-large size-large wp-image-14785\" alt=\"\" srcset=\"http:\/\/ri.uvt.ro\/wp-content\/uploads\/2024\/11\/451583683_10234045005734968_3581260988962566861_n-1024x768.jpg 1024w, http:\/\/ri.uvt.ro\/wp-content\/uploads\/2024\/11\/451583683_10234045005734968_3581260988962566861_n-300x225.jpg 300w, http:\/\/ri.uvt.ro\/wp-content\/uploads\/2024\/11\/451583683_10234045005734968_3581260988962566861_n-768x576.jpg 768w, http:\/\/ri.uvt.ro\/wp-content\/uploads\/2024\/11\/451583683_10234045005734968_3581260988962566861_n-1536x1152.jpg 1536w, http:\/\/ri.uvt.ro\/wp-content\/uploads\/2024\/11\/451583683_10234045005734968_3581260988962566861_n.jpg 2048w\" sizes=\"(max-width: 800px) 100vw, 800px\" \/>\t\t\t\t\t\t\t\t\t\t\t\t\t\t\t<\/div>\n\t\t\t\t<\/div>\n\t\t\t\t\t<\/div>\n\t\t<\/div>\n\t\t\t\t<div class=\"elementor-column elementor-col-50 elementor-top-column elementor-element elementor-element-ae6460d\" data-id=\"ae6460d\" data-element_type=\"column\">\n\t\t\t<div class=\"elementor-widget-wrap elementor-element-populated\">\n\t\t\t\t\t\t<div class=\"elementor-element elementor-element-ba28727 elementor-widget elementor-widget-text-editor\" data-id=\"ba28727\" data-element_type=\"widget\" data-widget_type=\"text-editor.default\">\n\t\t\t\t<div class=\"elementor-widget-container\">\n\t\t\t\t\t\t\t\t\t<p>\u00a0<\/p><p>\u00a0<\/p><p>\u00a0<\/p><p><span style=\"font-weight: 400;\">\u27a1\ufe0f The Program was wonderful and I took the best out of it. The Module and activities were related and met my expectations. Accommodation and food was lovely. I learned some new things and found so many good friends. <\/span><\/p><p><span style=\"font-weight: 400;\">&#8211; Mohammad (Italy), participant in <strong>Interdisciplinary Perspectives on Youth Identities and Political- Social Participation, 2024<\/strong><\/span><\/p>\t\t\t\t\t\t\t\t<\/div>\n\t\t\t\t<\/div>\n\t\t\t\t\t<\/div>\n\t\t<\/div>\n\t\t\t\t\t<\/div>\n\t\t<\/section>\n\t\t\t\t<\/div>\n\t\t","protected":false},"excerpt":{"rendered":"<p>http:\/\/ri.uvt.ro\/wp-content\/uploads\/2024\/11\/accademiagalli_1730547257848-2.mp4 I&#8217;d be happy to recommend the programme to anyone interested! It was a great opportunity to get to know university structures and students \/ faculty staff from another country and catch a glimpse into what studying can look like someplace else. Of course being able to venture around the beautiful city made the whole [&hellip;]<\/p>\n","protected":false},"author":15,"featured_media":0,"parent":2839,"menu_order":0,"comment_status":"closed","ping_status":"closed","template":"","meta":{"footnotes":""},"class_list":["post-14655","page","type-page","status-publish","hentry"],"_links":{"self":[{"href":"http:\/\/ri.uvt.ro\/en\/wp-json\/wp\/v2\/pages\/14655","targetHints":{"allow":["GET"]}}],"collection":[{"href":"http:\/\/ri.uvt.ro\/en\/wp-json\/wp\/v2\/pages"}],"about":[{"href":"http:\/\/ri.uvt.ro\/en\/wp-json\/wp\/v2\/types\/page"}],"author":[{"embeddable":true,"href":"http:\/\/ri.uvt.ro\/en\/wp-json\/wp\/v2\/users\/15"}],"replies":[{"embeddable":true,"href":"http:\/\/ri.uvt.ro\/en\/wp-json\/wp\/v2\/comments?post=14655"}],"version-history":[{"count":45,"href":"http:\/\/ri.uvt.ro\/en\/wp-json\/wp\/v2\/pages\/14655\/revisions"}],"predecessor-version":[{"id":14813,"href":"http:\/\/ri.uvt.ro\/en\/wp-json\/wp\/v2\/pages\/14655\/revisions\/14813"}],"up":[{"embeddable":true,"href":"http:\/\/ri.uvt.ro\/en\/wp-json\/wp\/v2\/pages\/2839"}],"wp:attachment":[{"href":"http:\/\/ri.uvt.ro\/en\/wp-json\/wp\/v2\/media?parent=14655"}],"curies":[{"name":"wp","href":"https:\/\/api.w.org\/{rel}","templated":true}]}}